{"id":12014,"date":"2020-07-02T20:21:27","date_gmt":"2020-07-02T20:21:27","guid":{"rendered":"https:\/\/eadbentoquirino.com.br\/ead\/?post_type=product&#038;p=12014"},"modified":"2025-10-03T19:15:33","modified_gmt":"2025-10-03T19:15:33","slug":"rematricula-2o-semestre-edificacoes","status":"publish","type":"product","link":"https:\/\/eadbentoquirino.com.br\/ead\/produto\/rematricula-2o-semestre-edificacoes\/","title":{"rendered":"Rematr\u00edcula 2\u00ba M\u00f3dulo Edifica\u00e7\u00f5es"},"content":{"rendered":"<p>Enquanto permanecer em vigor as normas legais sobre a necessidade de isolamento social, por conta da pandemia que atravessamos, todo nosso conte\u00fado \u00e9 ministrado por v\u00eddeos-aulas, ao vivo, apoiadas por nossa plataforma, acess\u00edvel pelos meios digitais (celulares, tablets, micros, etc), bastando ter dispon\u00edvel sinal de internet. Esta metologia exitosa foi implantada com sucesso pelo Col\u00e9gio T\u00e9cnico Bento Quirino, desde mar\u00e7o de 2020.<\/p>\n<p>Com isto asseguramos o comprimento da carga hor\u00e1ria requerida pela Legisla\u00e7\u00e3o Educacional de modo integral, evitando perdas de conte\u00fados e de dura\u00e7\u00e3o do ano letivo para os nossos alunos.<\/p>\n<p><strong>\ud83d\udd53 DURA\u00c7\u00c3O DO CURSO: 18 MESES<\/strong><\/p>\n<p><strong>DESCRI\u00c7\u00c3O:<\/strong><\/p>\n<p><a href=\"https:\/\/drive.google.com\/open?id=1rtPxnrkJsWIQl4ID4KJ1hrRcKnPBwpyV\"><span style=\"color: windowtext; text-decoration: none; text-underline: none;\">O Curso T\u00e9cnico de Edifica\u00e7\u00f5es tem por objetivo habilitar profissionais para participar da fase de concep\u00e7\u00e3o e elabora\u00e7\u00e3o do projeto da obra, planejar sua execu\u00e7\u00e3o, supervisionar a execu\u00e7\u00e3o de sistemas construtivos e participar do controle tecnol\u00f3gico de m\u00e9todos e materiais, cumprindo a legisla\u00e7\u00e3o e as normas espec\u00edficas.<\/span><\/a><\/p>\n<p><a href=\"https:\/\/drive.google.com\/open?id=1rtPxnrkJsWIQl4ID4KJ1hrRcKnPBwpyV\"><span style=\"color: windowtext; text-decoration: none; text-underline: none;\">Ao final de sua forma\u00e7\u00e3o, o profissional t\u00e9cnico em Edifica\u00e7\u00f5es dever\u00e1 demonstrar um perfil que lhe possibilite: Ler, articular e interpretar s\u00edmbolos e c\u00f3digos em diferentes linguagens e representa\u00e7\u00f5es, estabelecendo estrat\u00e9gias de solu\u00e7\u00e3o e articulando os conhecimentos das v\u00e1rias ci\u00eancias e outros campos do saber; Compreender os fundamentos cient\u00edfico-tecnol\u00f3gicos dos processos produtivos, relacionando teoria e pr\u00e1tica nas diversas \u00e1reas do saber;<\/span><\/a><br \/>\n<a href=\"https:\/\/drive.google.com\/open?id=1rtPxnrkJsWIQl4ID4KJ1hrRcKnPBwpyV\"><span style=\"color: windowtext; text-decoration: none; text-underline: none;\">Usar corretamente instrumentos, m\u00e1quinas e materiais, tanto em escrit\u00f3rios quanto em canteiros de obras.<\/span><\/a><\/p>\n<p>Aplicar as normas t\u00e9cnicas, m\u00e9todos, t\u00e9cnicas e procedimentos estabelecidos, visando \u00e0 qualidade e produtividade dos processos construtivos e de seguran\u00e7a dos trabalhadores; Projetar e dirigir edifica\u00e7\u00f5es de at\u00e9 80m\u00b2 de \u00e1rea constru\u00edda, que n\u00e3o constituam conjuntos residenciais, bem como realizar reformas, desde que n\u00e3o impliquem em estruturas de concreto armado ou met\u00e1lica, exercer atividade de desenhista de sua especialidade.<\/p>\n<p><strong>MERCADO DE TRABALHO:<\/strong><\/p>\n<p>Esse profissional exerce sua profiss\u00e3o junto a construtoras, escrit\u00f3rios de arquitetura, com\u00e9rcio relacionado a constru\u00e7\u00e3o civil, escrit\u00f3rios de projetistas (hidr\u00e1ulico, el\u00e9trico e estrutural), empresas de fiscaliza\u00e7\u00e3o p\u00fablica ou privada.<\/p>\n<h4>VERIFICAR SE A DOCUMENTA\u00c7\u00c3O ABAIXO J\u00c1 FOI ENTREGUES NA SECRET\u00c1RIA<\/h4>\n<p>Comprovante de bolsa (documento onde consta a porcentagem de bolsa obtida pela participa\u00e7\u00e3o no processo seletivo)<\/p>\n<p>1 C\u00f3pia do hist\u00f3rico escolar do 2\u00ba Grau<br \/>\n(documento necess\u00e1rio para efetuar a matricula)<br \/>\n1 C\u00f3pia\u00a0 do RG (documento necess\u00e1rio para efetuar a matricula)<br \/>\n1 Foto 3\/4<br \/>\n1 C\u00f3pia da certid\u00e3o de nascimento ou casamento<br \/>\n1 C\u00f3pia do CPF<br \/>\n1 C\u00f3pia do Comprovante de Resid\u00eancia (lado do endere\u00e7o)<\/p>\n<p>SEM A DOCUMENTA\u00c7\u00c3O ACIMA N\u00c3O SER\u00c1 POSS\u00cdVEL EFETUAR A MATR\u00cdCULA.<\/p>\n<p><strong>ATEN\u00c7\u00c3O:<\/strong><\/p>\n<p><strong>PARA MENORES DE IDADE O RESPONS\u00c1VEL DEVER\u00c1 ENVIAR UMA C\u00d3PIA DO RG E CPF PARA EFETUAR A MATR\u00cdCULA<\/strong><\/p>\n<h2><strong> Envio dos Documentos: secretaria@bentoquirino.com.br<\/strong><\/h2>\n<p><strong>*o reajuste da mensalidade \u00e9 anualmente no momento da rematr\u00edcula do ALUNO <\/strong><strong>.<\/strong><\/p>\n","protected":false},"excerpt":{"rendered":"<p>\ud83d\udc46\ud83d\udc46\ud83d\udc46\ud83d\udc46<strong>VALOR REFERENTE A PARCELA DE JULHO 2024<\/strong>\u00a0\ud83d\udc46\ud83d\udc46\ud83d\udc46\ud83d\udc46<\/p>\n<h2><strong>IMPORTANTE, SER\u00c3O ENTREGUES DOIS DOCUMENTOS:<\/strong><\/h2>\n<p><strong>1\u00ba REQUERIMENTO DE REMATRICULA\u00a0<\/strong><\/p>\n<p><strong>2\u00ba CONTRATO DE REMATR\u00cdCULA<\/strong><\/p>\n<p>\u00c9 OBRIGAT\u00d3RIO A ASSINATURA DOS DOIS PARA EFETUAR SUA REMATR\u00cdCULA<\/p>\n<p> <a class=\"more-link\" href=\"https:\/\/eadbentoquirino.com.br\/ead\/produto\/rematricula-2o-semestre-edificacoes\/\">Leia mais<\/a><\/p>","protected":false},"featured_media":28617,"comment_status":"closed","ping_status":"closed","template":"","meta":{"jetpack_publicize_message":"","jetpack_publicize_feature_enabled":true,"jetpack_social_post_already_shared":false,"jetpack_social_options":{"image_generator_settings":{"template":"highway","enabled":false}}},"product_cat":[188],"product_tag":[],"class_list":{"0":"post-12014","1":"product","2":"type-product","3":"status-publish","4":"has-post-thumbnail","6":"product_cat-rematricula","8":"first","9":"instock","10":"sold-individually","11":"shipping-taxable","12":"purchasable","13":"product-type-variable","14":"has-default-attributes"},"jetpack_publicize_connections":[],"jetpack_sharing_enabled":true,"_links":{"self":[{"href":"https:\/\/eadbentoquirino.com.br\/ead\/wp-json\/wp\/v2\/product\/12014","targetHints":{"allow":["GET"]}}],"collection":[{"href":"https:\/\/eadbentoquirino.com.br\/ead\/wp-json\/wp\/v2\/product"}],"about":[{"href":"https:\/\/eadbentoquirino.com.br\/ead\/wp-json\/wp\/v2\/types\/product"}],"replies":[{"embeddable":true,"href":"https:\/\/eadbentoquirino.com.br\/ead\/wp-json\/wp\/v2\/comments?post=12014"}],"wp:featuredmedia":[{"embeddable":true,"href":"https:\/\/eadbentoquirino.com.br\/ead\/wp-json\/wp\/v2\/media\/28617"}],"wp:attachment":[{"href":"https:\/\/eadbentoquirino.com.br\/ead\/wp-json\/wp\/v2\/media?parent=12014"}],"wp:term":[{"taxonomy":"product_cat","embeddable":true,"href":"https:\/\/eadbentoquirino.com.br\/ead\/wp-json\/wp\/v2\/product_cat?post=12014"},{"taxonomy":"product_tag","embeddable":true,"href":"https:\/\/eadbentoquirino.com.br\/ead\/wp-json\/wp\/v2\/product_tag?post=12014"}],"curies":[{"name":"wp","href":"https:\/\/api.w.org\/{rel}","templated":true}]}}